{"id":324,"date":"2025-12-21T07:35:08","date_gmt":"2025-12-21T10:35:08","guid":{"rendered":"https:\/\/fabricadescripts.com.br\/webtv\/TV9090\/?page_id=324"},"modified":"2025-12-21T07:54:20","modified_gmt":"2025-12-21T10:54:20","slug":"quem-somos","status":"publish","type":"page","link":"https:\/\/fabricadescripts.com.br\/webtv\/TV9090\/quem-somos\/","title":{"rendered":"Quem Somos"},"content":{"rendered":"\t\t<div data-elementor-type=\"wp-page\" data-elementor-id=\"324\" class=\"elementor elementor-324\" data-elementor-post-type=\"page\">\n\t\t\t\t<div class=\"elementor-element elementor-element-4f658469 e-flex e-con-boxed e-con e-parent\" data-id=\"4f658469\" data-element_type=\"container\" data-settings=\"{&quot;background_background&quot;:&quot;classic&quot;}\">\n\t\t\t\t\t<div class=\"e-con-inner\">\n\t\t<div class=\"elementor-element elementor-element-fd4329e e-con-full e-flex elementor-invisible e-con e-child\" data-id=\"fd4329e\" data-element_type=\"container\" data-settings=\"{&quot;animation&quot;:&quot;fadeInLeft&quot;}\">\n\t\t\t\t<div class=\"elementor-element elementor-element-2f50aae7 elementor-widget elementor-widget-heading\" data-id=\"2f50aae7\" data-element_type=\"widget\" data-widget_type=\"heading.default\">\n\t\t\t\t\t<h2 class=\"elementor-heading-title elementor-size-default\">Quem Somos<\/h2>\t\t\t\t<\/div>\n\t\t\t\t<div class=\"elementor-element elementor-element-7dd83296 elementor-widget elementor-widget-text-editor\" data-id=\"7dd83296\" data-element_type=\"widget\" data-widget_type=\"text-editor.default\">\n\t\t\t\t\t\t\t\t\t<p data-start=\"205\" data-end=\"494\">Somos uma <strong data-start=\"215\" data-end=\"330\">TV Online criada para conectar pessoas, informar, entreter e dar voz a diferentes ideias, culturas e realidades<\/strong>. Atuamos no ambiente digital com o compromisso de oferecer conte\u00fado acess\u00edvel, din\u00e2mico e relevante, acompanhando as transforma\u00e7\u00f5es da comunica\u00e7\u00e3o e da tecnologia.<\/p><p data-start=\"496\" data-end=\"837\">Nossa programa\u00e7\u00e3o \u00e9 pensada para um p\u00fablico diverso, com <strong data-start=\"553\" data-end=\"622\">conte\u00fados informativos, culturais, educativos e de entretenimento<\/strong>, transmitidos ao vivo e sob demanda. Acreditamos que a internet \u00e9 uma poderosa ferramenta de democratiza\u00e7\u00e3o da informa\u00e7\u00e3o e, por isso, trabalhamos para levar conte\u00fado de qualidade a qualquer lugar, a qualquer hora.<\/p><p data-start=\"839\" data-end=\"1134\">A <strong data-start=\"841\" data-end=\"886\">TV Online nasce com o prop\u00f3sito de inovar<\/strong>, valorizando a produ\u00e7\u00e3o independente, a participa\u00e7\u00e3o do p\u00fablico e a proximidade com a comunidade. Buscamos destacar temas atuais, promover debates construtivos e abrir espa\u00e7o para novos talentos, sempre com responsabilidade, \u00e9tica e transpar\u00eancia.<\/p><p data-start=\"1451\" data-end=\"1593\">\u00a0<\/p><p data-start=\"1595\" data-end=\"1651\"><strong data-start=\"1595\" data-end=\"1651\">TV Online: conectando voc\u00ea ao que realmente importa.<\/strong><\/p>\t\t\t\t\t\t\t\t<\/div>\n\t\t\t\t<\/div>\n\t\t<div class=\"elementor-element elementor-element-3bef94b0 e-con-full e-flex elementor-invisible e-con e-child\" data-id=\"3bef94b0\" data-element_type=\"container\" data-settings=\"{&quot;animation&quot;:&quot;fadeInRight&quot;}\">\n\t\t\t\t<div class=\"elementor-element elementor-element-3c6c5f56 elementor-widget elementor-widget-image\" data-id=\"3c6c5f56\" data-element_type=\"widget\" data-widget_type=\"image.default\">\n\t\t\t\t\t\t\t\t\t\t\t\t\t\t\t<img fetchpriority=\"high\" decoding=\"async\" width=\"512\" height=\"512\" src=\"https:\/\/fabricadescripts.com.br\/webtv\/TV9090\/wp-content\/uploads\/2025\/12\/icon_tv512.png\" class=\"attachment-large size-large wp-image-346\" alt=\"\" srcset=\"https:\/\/fabricadescripts.com.br\/webtv\/TV9090\/wp-content\/uploads\/2025\/12\/icon_tv512.png 512w, https:\/\/fabricadescripts.com.br\/webtv\/TV9090\/wp-content\/uploads\/2025\/12\/icon_tv512-300x300.png 300w, https:\/\/fabricadescripts.com.br\/webtv\/TV9090\/wp-content\/uploads\/2025\/12\/icon_tv512-150x150.png 150w\" sizes=\"(max-width: 512px) 100vw, 512px\" \/>\t\t\t\t\t\t\t\t\t\t\t\t\t\t\t<\/div>\n\t\t\t\t<\/div>\n\t\t\t\t\t<\/div>\n\t\t\t\t<\/div>\n\t\t<div class=\"elementor-element elementor-element-1fdca6c8 e-flex e-con-boxed e-con e-parent\" data-id=\"1fdca6c8\" data-element_type=\"container\">\n\t\t\t\t\t<div class=\"e-con-inner\">\n\t\t\t\t<div class=\"elementor-element elementor-element-763b4626 elementor-widget elementor-widget-spacer\" data-id=\"763b4626\" data-element_type=\"widget\" data-widget_type=\"spacer.default\">\n\t\t\t\t\t\t\t<div class=\"elementor-spacer\">\n\t\t\t<div class=\"elementor-spacer-inner\"><\/div>\n\t\t<\/div>\n\t\t\t\t\t\t<\/div>\n\t\t\t\t\t<\/div>\n\t\t\t\t<\/div>\n\t\t\t\t<\/div>\n\t\t","protected":false},"excerpt":{"rendered":"<p>Quem Somos Somos uma TV Online criada para conectar pessoas, informar, entreter e dar voz a diferentes ideias, culturas e realidades. Atuamos no ambiente digital com o compromisso de oferecer conte\u00fado acess\u00edvel, din\u00e2mico e relevante, acompanhando as transforma\u00e7\u00f5es da comunica\u00e7\u00e3o e da tecnologia. Nossa programa\u00e7\u00e3o \u00e9 pensada para um p\u00fablico diverso, com conte\u00fados informativos, culturais, [&hellip;]<\/p>\n","protected":false},"author":1,"featured_media":0,"parent":0,"menu_order":0,"comment_status":"closed","ping_status":"closed","template":"","meta":{"footnotes":""},"class_list":["post-324","page","type-page","status-publish","hentry"],"_links":{"self":[{"href":"https:\/\/fabricadescripts.com.br\/webtv\/TV9090\/wp-json\/wp\/v2\/pages\/324","targetHints":{"allow":["GET"]}}],"collection":[{"href":"https:\/\/fabricadescripts.com.br\/webtv\/TV9090\/wp-json\/wp\/v2\/pages"}],"about":[{"href":"https:\/\/fabricadescripts.com.br\/webtv\/TV9090\/wp-json\/wp\/v2\/types\/page"}],"author":[{"embeddable":true,"href":"https:\/\/fabricadescripts.com.br\/webtv\/TV9090\/wp-json\/wp\/v2\/users\/1"}],"replies":[{"embeddable":true,"href":"https:\/\/fabricadescripts.com.br\/webtv\/TV9090\/wp-json\/wp\/v2\/comments?post=324"}],"version-history":[{"count":10,"href":"https:\/\/fabricadescripts.com.br\/webtv\/TV9090\/wp-json\/wp\/v2\/pages\/324\/revisions"}],"predecessor-version":[{"id":349,"href":"https:\/\/fabricadescripts.com.br\/webtv\/TV9090\/wp-json\/wp\/v2\/pages\/324\/revisions\/349"}],"wp:attachment":[{"href":"https:\/\/fabricadescripts.com.br\/webtv\/TV9090\/wp-json\/wp\/v2\/media?parent=324"}],"curies":[{"name":"wp","href":"https:\/\/api.w.org\/{rel}","templated":true}]}}